{"id":39846,"date":"2024-04-17T17:21:35","date_gmt":"2024-04-17T15:21:35","guid":{"rendered":"https:\/\/www.dimann.com\/persona\/benedetta-recension-dimann\/"},"modified":"2024-05-14T17:29:28","modified_gmt":"2024-05-14T15:29:28","slug":"benedetta-recension-dimann","status":"publish","type":"persona","link":"https:\/\/www.dimann.com\/fr\/persona\/benedetta-recension-dimann\/","title":{"rendered":"Benedetta C. : t\u00e9moignage sur la cystite post-co\u00eftale"},"content":{"rendered":"<p>Je souffre de cystite depuis 25 ans. Un cauchemar.<br \/>\nPlus pr\u00e9cis\u00e9ment, je souffre de cystite post-co\u00eftale. En fait, apr\u00e8s chaque rapport sexuel, au bout de 24 \u00e0 36 heures, je ressens toujours une douleur intense, une br\u00fblure \u00e0 la miction, des douleurs et une sensation de piq\u00fbre dans la vessie. Un v\u00e9ritable cauchemar.<\/p>\n<p>Depuis le printemps dernier, j&rsquo;utilise les produits Dimann : le kit complet con\u00e7u pour la cystite post-co\u00eftale. C&rsquo;est un <strong>alli\u00e9 extraordinaire pour tenir ce vilain monstre \u00e0 distance<\/strong>! Sans parler de la douceur de Francesca, qui ne m&rsquo;a jamais laiss\u00e9 seul.<\/p>\n<p>J&rsquo;ai h\u00e2te de go\u00fbter \u00e0 la nouvelle tisane de Dimann !<br \/>\nJe vous remercie du fond du c\u0153ur.<\/p>\n","protected":false},"excerpt":{"rendered":"<p>Cystite post-co\u00eftale<\/p>\n","protected":false},"featured_media":41369,"template":"","categories":[491],"storia":[],"class_list":["post-39846","persona","type-persona","status-publish","has-post-thumbnail","hentry","category-toutes-les-histoires"],"acf":[],"yoast_head":"<!-- This site is optimized with the Yoast SEO plugin v27.2 - https:\/\/yoast.com\/product\/yoast-seo-wordpress\/ -->\n<title>Benedetta C. : t\u00e9moignage sur la cystite post-co\u00eftale | Dimann<\/title>\n<meta name=\"description\" content=\"Dimann : le t\u00e9moignage de Benedetta C., une cliente de 43 ans souffrant de cystite post-co\u00eftale. Un bilan de son exp\u00e9rience \u00e0 Dimann.\" \/>\n<meta name=\"robots\" content=\"index, follow, max-snippet:-1, max-image-preview:large, max-video-preview:-1\" \/>\n<link rel=\"canonical\" href=\"https:\/\/www.dimann.com\/fr\/persona\/benedetta-recension-dimann\/\" \/>\n<meta property=\"og:locale\" content=\"fr_FR\" \/>\n<meta property=\"og:type\" content=\"article\" \/>\n<meta property=\"og:title\" content=\"Benedetta C. : t\u00e9moignage sur la cystite post-co\u00eftale | Dimann\" \/>\n<meta property=\"og:description\" content=\"Dimann : le t\u00e9moignage de Benedetta C., une cliente de 43 ans souffrant de cystite post-co\u00eftale. Un bilan de son exp\u00e9rience \u00e0 Dimann.\" \/>\n<meta property=\"og:url\" content=\"https:\/\/www.dimann.com\/fr\/persona\/benedetta-recension-dimann\/\" \/>\n<meta property=\"og:site_name\" content=\"Dimann\" \/>\n<meta property=\"article:publisher\" content=\"https:\/\/www.facebook.com\/pg\/Dimann.cistite\/posts\/\" \/>\n<meta property=\"article:modified_time\" content=\"2024-05-14T15:29:28+00:00\" \/>\n<meta property=\"og:image\" content=\"https:\/\/www.dimann.com\/wp-content\/uploads\/2024\/04\/FRA-6.jpg\" \/>\n\t<meta property=\"og:image:width\" content=\"300\" \/>\n\t<meta property=\"og:image:height\" content=\"300\" \/>\n\t<meta property=\"og:image:type\" content=\"image\/jpeg\" \/>\n<meta name=\"twitter:card\" content=\"summary_large_image\" \/>\n<meta name=\"twitter:label1\" content=\"Dur\u00e9e de lecture estim\u00e9e\" \/>\n\t<meta name=\"twitter:data1\" content=\"1 minute\" \/>\n<!-- \/ Yoast SEO plugin. -->","yoast_head_json":{"title":"Benedetta C. : t\u00e9moignage sur la cystite post-co\u00eftale | Dimann","description":"Dimann : le t\u00e9moignage de Benedetta C., une cliente de 43 ans souffrant de cystite post-co\u00eftale. Un bilan de son exp\u00e9rience \u00e0 Dimann.","robots":{"index":"index","follow":"follow","max-snippet":"max-snippet:-1","max-image-preview":"max-image-preview:large","max-video-preview":"max-video-preview:-1"},"canonical":"https:\/\/www.dimann.com\/fr\/persona\/benedetta-recension-dimann\/","og_locale":"fr_FR","og_type":"article","og_title":"Benedetta C. : t\u00e9moignage sur la cystite post-co\u00eftale | Dimann","og_description":"Dimann : le t\u00e9moignage de Benedetta C., une cliente de 43 ans souffrant de cystite post-co\u00eftale. Un bilan de son exp\u00e9rience \u00e0 Dimann.","og_url":"https:\/\/www.dimann.com\/fr\/persona\/benedetta-recension-dimann\/","og_site_name":"Dimann","article_publisher":"https:\/\/www.facebook.com\/pg\/Dimann.cistite\/posts\/","article_modified_time":"2024-05-14T15:29:28+00:00","og_image":[{"width":300,"height":300,"url":"https:\/\/www.dimann.com\/wp-content\/uploads\/2024\/04\/FRA-6.jpg","type":"image\/jpeg"}],"twitter_card":"summary_large_image","twitter_misc":{"Dur\u00e9e de lecture estim\u00e9e":"1 minute"},"schema":{"@context":"https:\/\/schema.org","@graph":[{"@type":"WebPage","@id":"https:\/\/www.dimann.com\/fr\/persona\/benedetta-recension-dimann\/","url":"https:\/\/www.dimann.com\/fr\/persona\/benedetta-recension-dimann\/","name":"Benedetta C. : t\u00e9moignage sur la cystite post-co\u00eftale | Dimann","isPartOf":{"@id":"https:\/\/www.dimann.com\/fr\/#website"},"primaryImageOfPage":{"@id":"https:\/\/www.dimann.com\/fr\/persona\/benedetta-recension-dimann\/#primaryimage"},"image":{"@id":"https:\/\/www.dimann.com\/fr\/persona\/benedetta-recension-dimann\/#primaryimage"},"thumbnailUrl":"https:\/\/www.dimann.com\/wp-content\/uploads\/2024\/04\/FRA-6.jpg","datePublished":"2024-04-17T15:21:35+00:00","dateModified":"2024-05-14T15:29:28+00:00","description":"Dimann : le t\u00e9moignage de Benedetta C., une cliente de 43 ans souffrant de cystite post-co\u00eftale. Un bilan de son exp\u00e9rience \u00e0 Dimann.","breadcrumb":{"@id":"https:\/\/www.dimann.com\/fr\/persona\/benedetta-recension-dimann\/#breadcrumb"},"inLanguage":"fr-FR","potentialAction":[{"@type":"ReadAction","target":["https:\/\/www.dimann.com\/fr\/persona\/benedetta-recension-dimann\/"]}]},{"@type":"ImageObject","inLanguage":"fr-FR","@id":"https:\/\/www.dimann.com\/fr\/persona\/benedetta-recension-dimann\/#primaryimage","url":"https:\/\/www.dimann.com\/wp-content\/uploads\/2024\/04\/FRA-6.jpg","contentUrl":"https:\/\/www.dimann.com\/wp-content\/uploads\/2024\/04\/FRA-6.jpg","width":300,"height":300,"caption":"T\u00e9moignage de Benedetta - Cystite Post-Co\u00eftale"},{"@type":"BreadcrumbList","@id":"https:\/\/www.dimann.com\/fr\/persona\/benedetta-recension-dimann\/#breadcrumb","itemListElement":[{"@type":"ListItem","position":1,"name":"Storie","item":"https:\/\/www.dimann.com\/fr\/persona\/"},{"@type":"ListItem","position":2,"name":"Toutes les histoires","item":"https:\/\/www.dimann.com\/fr\/toutes-les-histoires\/"},{"@type":"ListItem","position":3,"name":"Benedetta C."}]},{"@type":"WebSite","@id":"https:\/\/www.dimann.com\/fr\/#website","url":"https:\/\/www.dimann.com\/fr\/","name":"Dimann","description":"","publisher":{"@id":"https:\/\/www.dimann.com\/fr\/#organization"},"potentialAction":[{"@type":"SearchAction","target":{"@type":"EntryPoint","urlTemplate":"https:\/\/www.dimann.com\/fr\/?s={search_term_string}"},"query-input":{"@type":"PropertyValueSpecification","valueRequired":true,"valueName":"search_term_string"}}],"inLanguage":"fr-FR"},{"@type":"Organization","@id":"https:\/\/www.dimann.com\/fr\/#organization","name":"Dimann","url":"https:\/\/www.dimann.com\/fr\/","logo":{"@type":"ImageObject","inLanguage":"fr-FR","@id":"https:\/\/www.dimann.com\/fr\/#\/schema\/logo\/image\/","url":"https:\/\/www.dimann.com\/wp-content\/uploads\/2019\/07\/logo.svg","contentUrl":"https:\/\/www.dimann.com\/wp-content\/uploads\/2019\/07\/logo.svg","width":1,"height":1,"caption":"Dimann"},"image":{"@id":"https:\/\/www.dimann.com\/fr\/#\/schema\/logo\/image\/"},"sameAs":["https:\/\/www.facebook.com\/pg\/Dimann.cistite\/posts\/","https:\/\/www.instagram.com\/dimann_official\/"]}]}},"_links":{"self":[{"href":"https:\/\/www.dimann.com\/fr\/wp-json\/wp\/v2\/persona\/39846","targetHints":{"allow":["GET"]}}],"collection":[{"href":"https:\/\/www.dimann.com\/fr\/wp-json\/wp\/v2\/persona"}],"about":[{"href":"https:\/\/www.dimann.com\/fr\/wp-json\/wp\/v2\/types\/persona"}],"wp:featuredmedia":[{"embeddable":true,"href":"https:\/\/www.dimann.com\/fr\/wp-json\/wp\/v2\/media\/41369"}],"wp:attachment":[{"href":"https:\/\/www.dimann.com\/fr\/wp-json\/wp\/v2\/media?parent=39846"}],"wp:term":[{"taxonomy":"category","embeddable":true,"href":"https:\/\/www.dimann.com\/fr\/wp-json\/wp\/v2\/categories?post=39846"},{"taxonomy":"storia","embeddable":true,"href":"https:\/\/www.dimann.com\/fr\/wp-json\/wp\/v2\/storia?post=39846"}],"curies":[{"name":"wp","href":"https:\/\/api.w.org\/{rel}","templated":true}]}}