{"id":46343,"date":"2025-02-10T15:39:57","date_gmt":"2025-02-10T14:39:57","guid":{"rendered":"https:\/\/www.dimann.com\/persona\/giulia\/"},"modified":"2025-02-10T15:39:58","modified_gmt":"2025-02-10T14:39:58","slug":"giulia","status":"publish","type":"persona","link":"https:\/\/www.dimann.com\/ro\/persona\/giulia\/","title":{"rendered":"Iulia: sarcin\u0103 \u0219i cistit\u0103 cu Escherichia coli, povestea mea"},"content":{"rendered":"<p class=\"p1\"><span class=\"s1\">Sarcina a fost ini\u021bial foarte dificil\u0103. \u00cen prima mea experien\u021b\u0103, m-am confruntat cu diverse probleme.   <\/span><\/p>\n<p class=\"p1\"><span class=\"s1\">\u00cen plus fa\u021b\u0103 de grea\u021ba care nu dispare, \u00eencep s\u0103 suf\u0103r de constipa\u021bie \u0219i cistit\u0103 bacterian\u0103 provocat\u0103 de Escherichia coli. \u00cencep s\u0103 introduc alimente probiotice \u00een dieta mea, dar acest lucru nu este suficient, cistita nu m\u0103 las\u0103 \u00een pace \u0219i sunt nevoit\u0103 s\u0103 stau foarte des \u00een cas\u0103.   <\/span><\/p>\n<p class=\"p1\"><span class=\"s1\">Datorit\u0103 unei c\u0103ut\u0103ri pe internet, am aflat despre Dimann. Datorit\u0103 testului de pe site \u0219i asisten\u021bei directe a serviciului pentru clien\u021bi, decid s\u0103 \u00eencerc Dimann Puro, care este potrivit \u00een timpul sarcinii \u0219i complet natural. Trebuie s\u0103 mul\u021bumesc zilei \u00een care am decis s\u0103 \u00eel \u00eencerc pentru c\u0103 sarcina a continuat f\u0103r\u0103 cistit\u0103!  <\/span><\/p>\n","protected":false},"excerpt":{"rendered":"<p>Cistit\u0103 cu constipa\u021bie<\/p>\n","protected":false},"featured_media":46350,"template":"","categories":[1063],"storia":[],"class_list":["post-46343","persona","type-persona","status-publish","has-post-thumbnail","hentry","category-toate-povestile"],"acf":[],"yoast_head":"<!-- This site is optimized with the Yoast SEO plugin v27.2 - https:\/\/yoast.com\/product\/yoast-seo-wordpress\/ -->\n<title>| Giulia: un istoric de cistit\u0103 \u00een timpul sarcinii Dimann<\/title>\n<meta name=\"description\" content=\"Cistit\u0103, constipa\u021bie \u0219i sarcin\u0103. Giulia, datorit\u0103 Dimann Puro, a reu\u0219it s\u0103 scape de ea continu\u00e2ndu-\u0219i sarcina f\u0103r\u0103 cistit\u0103. Citi\u021bi povestea ei.\" \/>\n<meta name=\"robots\" content=\"index, follow, max-snippet:-1, max-image-preview:large, max-video-preview:-1\" \/>\n<link rel=\"canonical\" href=\"https:\/\/www.dimann.com\/ro\/persona\/giulia\/\" \/>\n<meta property=\"og:locale\" content=\"ro_RO\" \/>\n<meta property=\"og:type\" content=\"article\" \/>\n<meta property=\"og:title\" content=\"| Giulia: un istoric de cistit\u0103 \u00een timpul sarcinii Dimann\" \/>\n<meta property=\"og:description\" content=\"Cistit\u0103, constipa\u021bie \u0219i sarcin\u0103. Giulia, datorit\u0103 Dimann Puro, a reu\u0219it s\u0103 scape de ea continu\u00e2ndu-\u0219i sarcina f\u0103r\u0103 cistit\u0103. Citi\u021bi povestea ei.\" \/>\n<meta property=\"og:url\" content=\"https:\/\/www.dimann.com\/ro\/persona\/giulia\/\" \/>\n<meta property=\"og:site_name\" content=\"Dimann\" \/>\n<meta property=\"article:publisher\" content=\"https:\/\/www.facebook.com\/pg\/Dimann.cistite\/posts\/\" \/>\n<meta property=\"article:modified_time\" content=\"2025-02-10T14:39:58+00:00\" \/>\n<meta property=\"og:image\" content=\"https:\/\/www.dimann.com\/wp-content\/uploads\/2019\/05\/18.png\" \/>\n\t<meta property=\"og:image:width\" content=\"384\" \/>\n\t<meta property=\"og:image:height\" content=\"384\" \/>\n\t<meta property=\"og:image:type\" content=\"image\/png\" \/>\n<meta name=\"twitter:card\" content=\"summary_large_image\" \/>\n<meta name=\"twitter:label1\" content=\"Timp estimat pentru citire\" \/>\n\t<meta name=\"twitter:data1\" content=\"1 minut\" \/>\n<!-- \/ Yoast SEO plugin. -->","yoast_head_json":{"title":"| Giulia: un istoric de cistit\u0103 \u00een timpul sarcinii Dimann","description":"Cistit\u0103, constipa\u021bie \u0219i sarcin\u0103. Giulia, datorit\u0103 Dimann Puro, a reu\u0219it s\u0103 scape de ea continu\u00e2ndu-\u0219i sarcina f\u0103r\u0103 cistit\u0103. Citi\u021bi povestea ei.","robots":{"index":"index","follow":"follow","max-snippet":"max-snippet:-1","max-image-preview":"max-image-preview:large","max-video-preview":"max-video-preview:-1"},"canonical":"https:\/\/www.dimann.com\/ro\/persona\/giulia\/","og_locale":"ro_RO","og_type":"article","og_title":"| Giulia: un istoric de cistit\u0103 \u00een timpul sarcinii Dimann","og_description":"Cistit\u0103, constipa\u021bie \u0219i sarcin\u0103. Giulia, datorit\u0103 Dimann Puro, a reu\u0219it s\u0103 scape de ea continu\u00e2ndu-\u0219i sarcina f\u0103r\u0103 cistit\u0103. Citi\u021bi povestea ei.","og_url":"https:\/\/www.dimann.com\/ro\/persona\/giulia\/","og_site_name":"Dimann","article_publisher":"https:\/\/www.facebook.com\/pg\/Dimann.cistite\/posts\/","article_modified_time":"2025-02-10T14:39:58+00:00","og_image":[{"width":384,"height":384,"url":"https:\/\/www.dimann.com\/wp-content\/uploads\/2019\/05\/18.png","type":"image\/png"}],"twitter_card":"summary_large_image","twitter_misc":{"Timp estimat pentru citire":"1 minut"},"schema":{"@context":"https:\/\/schema.org","@graph":[{"@type":"WebPage","@id":"https:\/\/www.dimann.com\/ro\/persona\/giulia\/","url":"https:\/\/www.dimann.com\/ro\/persona\/giulia\/","name":"| Giulia: un istoric de cistit\u0103 \u00een timpul sarcinii Dimann","isPartOf":{"@id":"https:\/\/www.dimann.com\/ro\/#website"},"primaryImageOfPage":{"@id":"https:\/\/www.dimann.com\/ro\/persona\/giulia\/#primaryimage"},"image":{"@id":"https:\/\/www.dimann.com\/ro\/persona\/giulia\/#primaryimage"},"thumbnailUrl":"https:\/\/www.dimann.com\/wp-content\/uploads\/2019\/05\/18.png","datePublished":"2025-02-10T14:39:57+00:00","dateModified":"2025-02-10T14:39:58+00:00","description":"Cistit\u0103, constipa\u021bie \u0219i sarcin\u0103. Giulia, datorit\u0103 Dimann Puro, a reu\u0219it s\u0103 scape de ea continu\u00e2ndu-\u0219i sarcina f\u0103r\u0103 cistit\u0103. Citi\u021bi povestea ei.","breadcrumb":{"@id":"https:\/\/www.dimann.com\/ro\/persona\/giulia\/#breadcrumb"},"inLanguage":"ro-RO","potentialAction":[{"@type":"ReadAction","target":["https:\/\/www.dimann.com\/ro\/persona\/giulia\/"]}]},{"@type":"ImageObject","inLanguage":"ro-RO","@id":"https:\/\/www.dimann.com\/ro\/persona\/giulia\/#primaryimage","url":"https:\/\/www.dimann.com\/wp-content\/uploads\/2019\/05\/18.png","contentUrl":"https:\/\/www.dimann.com\/wp-content\/uploads\/2019\/05\/18.png","width":384,"height":384,"caption":"Testimonianza di Giulia, che soffre di cistite con stipsi"},{"@type":"BreadcrumbList","@id":"https:\/\/www.dimann.com\/ro\/persona\/giulia\/#breadcrumb","itemListElement":[{"@type":"ListItem","position":1,"name":"Storie","item":"https:\/\/www.dimann.com\/ro\/persona\/"},{"@type":"ListItem","position":2,"name":"Iulia"}]},{"@type":"WebSite","@id":"https:\/\/www.dimann.com\/ro\/#website","url":"https:\/\/www.dimann.com\/ro\/","name":"Dimann","description":"","publisher":{"@id":"https:\/\/www.dimann.com\/ro\/#organization"},"potentialAction":[{"@type":"SearchAction","target":{"@type":"EntryPoint","urlTemplate":"https:\/\/www.dimann.com\/ro\/?s={search_term_string}"},"query-input":{"@type":"PropertyValueSpecification","valueRequired":true,"valueName":"search_term_string"}}],"inLanguage":"ro-RO"},{"@type":"Organization","@id":"https:\/\/www.dimann.com\/ro\/#organization","name":"Dimann","url":"https:\/\/www.dimann.com\/ro\/","logo":{"@type":"ImageObject","inLanguage":"ro-RO","@id":"https:\/\/www.dimann.com\/ro\/#\/schema\/logo\/image\/","url":"https:\/\/www.dimann.com\/wp-content\/uploads\/2019\/07\/logo.svg","contentUrl":"https:\/\/www.dimann.com\/wp-content\/uploads\/2019\/07\/logo.svg","width":1,"height":1,"caption":"Dimann"},"image":{"@id":"https:\/\/www.dimann.com\/ro\/#\/schema\/logo\/image\/"},"sameAs":["https:\/\/www.facebook.com\/pg\/Dimann.cistite\/posts\/","https:\/\/www.instagram.com\/dimann_official\/"]}]}},"_links":{"self":[{"href":"https:\/\/www.dimann.com\/ro\/wp-json\/wp\/v2\/persona\/46343","targetHints":{"allow":["GET"]}}],"collection":[{"href":"https:\/\/www.dimann.com\/ro\/wp-json\/wp\/v2\/persona"}],"about":[{"href":"https:\/\/www.dimann.com\/ro\/wp-json\/wp\/v2\/types\/persona"}],"wp:featuredmedia":[{"embeddable":true,"href":"https:\/\/www.dimann.com\/ro\/wp-json\/wp\/v2\/media\/46350"}],"wp:attachment":[{"href":"https:\/\/www.dimann.com\/ro\/wp-json\/wp\/v2\/media?parent=46343"}],"wp:term":[{"taxonomy":"category","embeddable":true,"href":"https:\/\/www.dimann.com\/ro\/wp-json\/wp\/v2\/categories?post=46343"},{"taxonomy":"storia","embeddable":true,"href":"https:\/\/www.dimann.com\/ro\/wp-json\/wp\/v2\/storia?post=46343"}],"curies":[{"name":"wp","href":"https:\/\/api.w.org\/{rel}","templated":true}]}}