{"id":51704,"date":"2025-04-16T10:03:18","date_gmt":"2025-04-16T08:03:18","guid":{"rendered":"https:\/\/www.dimann.com\/persona\/elvira\/"},"modified":"2025-04-16T10:03:19","modified_gmt":"2025-04-16T08:03:19","slug":"elvira","status":"publish","type":"persona","link":"https:\/\/www.dimann.com\/ro\/persona\/elvira\/","title":{"rendered":"Elvira"},"content":{"rendered":"<p class=\"p1\"><span class=\"s1\">Suf\u0103r de constipa\u021bie cronic\u0103 \u0219i, \u00een plus fa\u021b\u0103 de disconfortul \u0219i inconvenientele legate de aceast\u0103 situa\u021bie, organismul meu a decis s\u0103 nu piard\u0103 nimic, ad\u0103ug\u00e2nd \u0219i cistita recurent\u0103 provocat\u0103 de Escherichia coli.  <\/span><\/p>\n<p class=\"p1\"><span class=\"s1\">Utilizarea frecvent\u0103 a antibioticelor a \u00eenceput s\u0103-mi fac\u0103 mai mult r\u0103u dec\u00e2t bine (candida era asigurat\u0103 la sf\u00e2r\u0219itul fiec\u0103rui ciclu). M\u0103 sim\u021beam debilitat\u0103, s\u0103tul\u0103 \u0219i furioas\u0103.   <\/span><\/p>\n<p class=\"p1\"><span class=\"s1\">Apoi am f\u0103cut cuno\u0219tin\u021b\u0103 cu Dimann. Am f\u0103cut testul de pe site ca un prim pas \u0219i m-a ajutat \u00een alegerea produselor. Desigur, nu am rezolvat-o complet, deoarece cauzele primare sunt \u00eenc\u0103 &#8222;\u00een lucru&#8221;, dar aceste produse sunt fundamentale \u00een gestionarea acestei tulbur\u0103ri.    <\/span><\/p>\n<p class=\"p1\"><span class=\"s1\">Chiar am sentimentul c\u0103 m\u0103 ajut\u0103 s\u0103-mi cur\u0103\u021b vezica urinar\u0103 de aceast\u0103 bacterie blestemat\u0103.  <\/span><\/p>\n","protected":false},"excerpt":{"rendered":"<p>Cistit\u0103 cu constipa\u021bie<\/p>\n","protected":false},"featured_media":51708,"template":"","categories":[1063],"storia":[],"class_list":["post-51704","persona","type-persona","status-publish","has-post-thumbnail","hentry","category-toate-povestile"],"acf":[],"yoast_head":"<!-- This site is optimized with the Yoast SEO plugin v27.2 - https:\/\/yoast.com\/product\/yoast-seo-wordpress\/ -->\n<title>Elvira: o istorie de cistit\u0103 cronic\u0103 | Dimann<\/title>\n<meta name=\"description\" content=\"Produsele Dimann o ajut\u0103 pe Elvira s\u0103 trateze cistita cronic\u0103 cu constipa\u021bie. Citi\u021bi povestea ei.\" \/>\n<meta name=\"robots\" content=\"index, follow, max-snippet:-1, max-image-preview:large, max-video-preview:-1\" \/>\n<link rel=\"canonical\" href=\"https:\/\/www.dimann.com\/ro\/persona\/elvira\/\" \/>\n<meta property=\"og:locale\" content=\"ro_RO\" \/>\n<meta property=\"og:type\" content=\"article\" \/>\n<meta property=\"og:title\" content=\"Elvira: o istorie de cistit\u0103 cronic\u0103 | Dimann\" \/>\n<meta property=\"og:description\" content=\"Produsele Dimann o ajut\u0103 pe Elvira s\u0103 trateze cistita cronic\u0103 cu constipa\u021bie. Citi\u021bi povestea ei.\" \/>\n<meta property=\"og:url\" content=\"https:\/\/www.dimann.com\/ro\/persona\/elvira\/\" \/>\n<meta property=\"og:site_name\" content=\"Dimann\" \/>\n<meta property=\"article:publisher\" content=\"https:\/\/www.facebook.com\/pg\/Dimann.cistite\/posts\/\" \/>\n<meta property=\"article:modified_time\" content=\"2025-04-16T08:03:19+00:00\" \/>\n<meta property=\"og:image\" content=\"https:\/\/www.dimann.com\/wp-content\/uploads\/2019\/05\/20-1.png\" \/>\n\t<meta property=\"og:image:width\" content=\"384\" \/>\n\t<meta property=\"og:image:height\" content=\"384\" \/>\n\t<meta property=\"og:image:type\" content=\"image\/png\" \/>\n<meta name=\"twitter:card\" content=\"summary_large_image\" \/>\n<meta name=\"twitter:label1\" content=\"Timp estimat pentru citire\" \/>\n\t<meta name=\"twitter:data1\" content=\"1 minut\" \/>\n<!-- \/ Yoast SEO plugin. -->","yoast_head_json":{"title":"Elvira: o istorie de cistit\u0103 cronic\u0103 | Dimann","description":"Produsele Dimann o ajut\u0103 pe Elvira s\u0103 trateze cistita cronic\u0103 cu constipa\u021bie. Citi\u021bi povestea ei.","robots":{"index":"index","follow":"follow","max-snippet":"max-snippet:-1","max-image-preview":"max-image-preview:large","max-video-preview":"max-video-preview:-1"},"canonical":"https:\/\/www.dimann.com\/ro\/persona\/elvira\/","og_locale":"ro_RO","og_type":"article","og_title":"Elvira: o istorie de cistit\u0103 cronic\u0103 | Dimann","og_description":"Produsele Dimann o ajut\u0103 pe Elvira s\u0103 trateze cistita cronic\u0103 cu constipa\u021bie. Citi\u021bi povestea ei.","og_url":"https:\/\/www.dimann.com\/ro\/persona\/elvira\/","og_site_name":"Dimann","article_publisher":"https:\/\/www.facebook.com\/pg\/Dimann.cistite\/posts\/","article_modified_time":"2025-04-16T08:03:19+00:00","og_image":[{"width":384,"height":384,"url":"https:\/\/www.dimann.com\/wp-content\/uploads\/2019\/05\/20-1.png","type":"image\/png"}],"twitter_card":"summary_large_image","twitter_misc":{"Timp estimat pentru citire":"1 minut"},"schema":{"@context":"https:\/\/schema.org","@graph":[{"@type":"WebPage","@id":"https:\/\/www.dimann.com\/ro\/persona\/elvira\/","url":"https:\/\/www.dimann.com\/ro\/persona\/elvira\/","name":"Elvira: o istorie de cistit\u0103 cronic\u0103 | Dimann","isPartOf":{"@id":"https:\/\/www.dimann.com\/ro\/#website"},"primaryImageOfPage":{"@id":"https:\/\/www.dimann.com\/ro\/persona\/elvira\/#primaryimage"},"image":{"@id":"https:\/\/www.dimann.com\/ro\/persona\/elvira\/#primaryimage"},"thumbnailUrl":"https:\/\/www.dimann.com\/wp-content\/uploads\/2019\/05\/20-1.png","datePublished":"2025-04-16T08:03:18+00:00","dateModified":"2025-04-16T08:03:19+00:00","description":"Produsele Dimann o ajut\u0103 pe Elvira s\u0103 trateze cistita cronic\u0103 cu constipa\u021bie. Citi\u021bi povestea ei.","breadcrumb":{"@id":"https:\/\/www.dimann.com\/ro\/persona\/elvira\/#breadcrumb"},"inLanguage":"ro-RO","potentialAction":[{"@type":"ReadAction","target":["https:\/\/www.dimann.com\/ro\/persona\/elvira\/"]}]},{"@type":"ImageObject","inLanguage":"ro-RO","@id":"https:\/\/www.dimann.com\/ro\/persona\/elvira\/#primaryimage","url":"https:\/\/www.dimann.com\/wp-content\/uploads\/2019\/05\/20-1.png","contentUrl":"https:\/\/www.dimann.com\/wp-content\/uploads\/2019\/05\/20-1.png","width":384,"height":384,"caption":"Testimonianza di Elvira, che soffre di cistite con stipsi"},{"@type":"BreadcrumbList","@id":"https:\/\/www.dimann.com\/ro\/persona\/elvira\/#breadcrumb","itemListElement":[{"@type":"ListItem","position":1,"name":"Storie","item":"https:\/\/www.dimann.com\/ro\/persona\/"},{"@type":"ListItem","position":2,"name":"Elvira"}]},{"@type":"WebSite","@id":"https:\/\/www.dimann.com\/ro\/#website","url":"https:\/\/www.dimann.com\/ro\/","name":"Dimann","description":"","publisher":{"@id":"https:\/\/www.dimann.com\/ro\/#organization"},"potentialAction":[{"@type":"SearchAction","target":{"@type":"EntryPoint","urlTemplate":"https:\/\/www.dimann.com\/ro\/?s={search_term_string}"},"query-input":{"@type":"PropertyValueSpecification","valueRequired":true,"valueName":"search_term_string"}}],"inLanguage":"ro-RO"},{"@type":"Organization","@id":"https:\/\/www.dimann.com\/ro\/#organization","name":"Dimann","url":"https:\/\/www.dimann.com\/ro\/","logo":{"@type":"ImageObject","inLanguage":"ro-RO","@id":"https:\/\/www.dimann.com\/ro\/#\/schema\/logo\/image\/","url":"https:\/\/www.dimann.com\/wp-content\/uploads\/2019\/07\/logo.svg","contentUrl":"https:\/\/www.dimann.com\/wp-content\/uploads\/2019\/07\/logo.svg","width":1,"height":1,"caption":"Dimann"},"image":{"@id":"https:\/\/www.dimann.com\/ro\/#\/schema\/logo\/image\/"},"sameAs":["https:\/\/www.facebook.com\/pg\/Dimann.cistite\/posts\/","https:\/\/www.instagram.com\/dimann_official\/"]}]}},"_links":{"self":[{"href":"https:\/\/www.dimann.com\/ro\/wp-json\/wp\/v2\/persona\/51704","targetHints":{"allow":["GET"]}}],"collection":[{"href":"https:\/\/www.dimann.com\/ro\/wp-json\/wp\/v2\/persona"}],"about":[{"href":"https:\/\/www.dimann.com\/ro\/wp-json\/wp\/v2\/types\/persona"}],"wp:featuredmedia":[{"embeddable":true,"href":"https:\/\/www.dimann.com\/ro\/wp-json\/wp\/v2\/media\/51708"}],"wp:attachment":[{"href":"https:\/\/www.dimann.com\/ro\/wp-json\/wp\/v2\/media?parent=51704"}],"wp:term":[{"taxonomy":"category","embeddable":true,"href":"https:\/\/www.dimann.com\/ro\/wp-json\/wp\/v2\/categories?post=51704"},{"taxonomy":"storia","embeddable":true,"href":"https:\/\/www.dimann.com\/ro\/wp-json\/wp\/v2\/storia?post=51704"}],"curies":[{"name":"wp","href":"https:\/\/api.w.org\/{rel}","templated":true}]}}