{"id":51208,"date":"2025-04-11T09:27:35","date_gmt":"2025-04-11T07:27:35","guid":{"rendered":"https:\/\/www.dimann.com\/persona\/elvira\/"},"modified":"2025-05-13T15:18:17","modified_gmt":"2025-05-13T13:18:17","slug":"elvira-recension-dimann","status":"publish","type":"persona","link":"https:\/\/www.dimann.com\/sv\/persona\/elvira-recension-dimann\/","title":{"rendered":"Elvira: erfarenhet av \u00e5terkommande cystit med E. coli"},"content":{"rendered":"<p class=\"p1\"><span class=\"s1\">Jag lider av kronisk f\u00f6rstoppning och f\u00f6rutom obehaget och besv\u00e4ren i samband med denna situation har min kropp beslutat att inte missa n\u00e5got genom att ocks\u00e5 l\u00e4gga till \u00e5terkommande cystit fr\u00e5n Escherichia coli.  <\/span><\/p>\n<p class=\"p1\"><span class=\"s1\">Frekvent anv\u00e4ndning av antibiotika b\u00f6rjade g\u00f6ra mig mer skada \u00e4n nytta (candida s\u00e4kerst\u00e4lldes i slutet av varje cykel). Jag k\u00e4nde mig f\u00f6rsvagad, tr\u00f6tt och arg.   <\/span><\/p>\n<p class=\"p1\"><span class=\"s1\">Sedan l\u00e4rde jag k\u00e4nna Dimann. Jag gjorde testet p\u00e5 webbplatsen som ett f\u00f6rsta steg och det hj\u00e4lpte mig i mitt val av produkter. Naturligtvis har jag inte l\u00f6st problemet helt och h\u00e5llet, eftersom de prim\u00e4ra orsakerna fortfarande \u00e4r ett p\u00e5g\u00e5ende arbete, men dessa produkter \u00e4r grundl\u00e4ggande f\u00f6r hanteringen av denna sjukdom.    <\/span><\/p>\n<p class=\"p1\"><span class=\"s1\">Jag har verkligen en k\u00e4nsla av att de hj\u00e4lper mig att rensa min bl\u00e5sa fr\u00e5n denna f\u00f6rbannade bakterie.  <\/span><\/p>\n","protected":false},"excerpt":{"rendered":"<p>Cystit med f\u00f6rstoppning<\/p>\n","protected":false},"featured_media":51212,"template":"","categories":[1167],"storia":[],"class_list":["post-51208","persona","type-persona","status-publish","has-post-thumbnail","hentry","category-alla-berattelser"],"acf":[],"yoast_head":"<!-- This site is optimized with the Yoast SEO plugin v27.5 - https:\/\/yoast.com\/product\/yoast-seo-wordpress\/ -->\n<title>Elvira: en historia av kronisk cystit | Dimann<\/title>\n<meta name=\"description\" content=\"Dimanns produkter hj\u00e4lper Elvira att behandla kronisk cystit med f\u00f6rstoppning. L\u00e4s hennes ber\u00e4ttelse.\" \/>\n<meta name=\"robots\" content=\"index, follow, max-snippet:-1, max-image-preview:large, max-video-preview:-1\" \/>\n<link rel=\"canonical\" href=\"https:\/\/www.dimann.com\/sv\/persona\/elvira-recension-dimann\/\" \/>\n<meta property=\"og:locale\" content=\"sv_SE\" \/>\n<meta property=\"og:type\" content=\"article\" \/>\n<meta property=\"og:title\" content=\"Elvira: en historia av kronisk cystit | Dimann\" \/>\n<meta property=\"og:description\" content=\"Dimanns produkter hj\u00e4lper Elvira att behandla kronisk cystit med f\u00f6rstoppning. L\u00e4s hennes ber\u00e4ttelse.\" \/>\n<meta property=\"og:url\" content=\"https:\/\/www.dimann.com\/sv\/persona\/elvira-recension-dimann\/\" \/>\n<meta property=\"og:site_name\" content=\"Dimann\" \/>\n<meta property=\"article:publisher\" content=\"https:\/\/www.facebook.com\/pg\/Dimann.cistite\/posts\/\" \/>\n<meta property=\"article:modified_time\" content=\"2025-05-13T13:18:17+00:00\" \/>\n<meta property=\"og:image\" content=\"https:\/\/www.dimann.com\/wp-content\/uploads\/2019\/05\/20-1.png\" \/>\n\t<meta property=\"og:image:width\" content=\"384\" \/>\n\t<meta property=\"og:image:height\" content=\"384\" \/>\n\t<meta property=\"og:image:type\" content=\"image\/png\" \/>\n<meta name=\"twitter:card\" content=\"summary_large_image\" \/>\n<meta name=\"twitter:label1\" content=\"Ber\u00e4knad l\u00e4stid\" \/>\n\t<meta name=\"twitter:data1\" content=\"1 minut\" \/>\n<!-- \/ Yoast SEO plugin. -->","yoast_head_json":{"title":"Elvira: en historia av kronisk cystit | Dimann","description":"Dimanns produkter hj\u00e4lper Elvira att behandla kronisk cystit med f\u00f6rstoppning. L\u00e4s hennes ber\u00e4ttelse.","robots":{"index":"index","follow":"follow","max-snippet":"max-snippet:-1","max-image-preview":"max-image-preview:large","max-video-preview":"max-video-preview:-1"},"canonical":"https:\/\/www.dimann.com\/sv\/persona\/elvira-recension-dimann\/","og_locale":"sv_SE","og_type":"article","og_title":"Elvira: en historia av kronisk cystit | Dimann","og_description":"Dimanns produkter hj\u00e4lper Elvira att behandla kronisk cystit med f\u00f6rstoppning. L\u00e4s hennes ber\u00e4ttelse.","og_url":"https:\/\/www.dimann.com\/sv\/persona\/elvira-recension-dimann\/","og_site_name":"Dimann","article_publisher":"https:\/\/www.facebook.com\/pg\/Dimann.cistite\/posts\/","article_modified_time":"2025-05-13T13:18:17+00:00","og_image":[{"width":384,"height":384,"url":"https:\/\/www.dimann.com\/wp-content\/uploads\/2019\/05\/20-1.png","type":"image\/png"}],"twitter_card":"summary_large_image","twitter_misc":{"Ber\u00e4knad l\u00e4stid":"1 minut"},"schema":{"@context":"https:\/\/schema.org","@graph":[{"@type":"WebPage","@id":"https:\/\/www.dimann.com\/sv\/persona\/elvira-recension-dimann\/","url":"https:\/\/www.dimann.com\/sv\/persona\/elvira-recension-dimann\/","name":"Elvira: en historia av kronisk cystit | Dimann","isPartOf":{"@id":"https:\/\/www.dimann.com\/sv\/#website"},"primaryImageOfPage":{"@id":"https:\/\/www.dimann.com\/sv\/persona\/elvira-recension-dimann\/#primaryimage"},"image":{"@id":"https:\/\/www.dimann.com\/sv\/persona\/elvira-recension-dimann\/#primaryimage"},"thumbnailUrl":"https:\/\/www.dimann.com\/wp-content\/uploads\/2019\/05\/20-1.png","datePublished":"2025-04-11T07:27:35+00:00","dateModified":"2025-05-13T13:18:17+00:00","description":"Dimanns produkter hj\u00e4lper Elvira att behandla kronisk cystit med f\u00f6rstoppning. L\u00e4s hennes ber\u00e4ttelse.","breadcrumb":{"@id":"https:\/\/www.dimann.com\/sv\/persona\/elvira-recension-dimann\/#breadcrumb"},"inLanguage":"sv-SE","potentialAction":[{"@type":"ReadAction","target":["https:\/\/www.dimann.com\/sv\/persona\/elvira-recension-dimann\/"]}]},{"@type":"ImageObject","inLanguage":"sv-SE","@id":"https:\/\/www.dimann.com\/sv\/persona\/elvira-recension-dimann\/#primaryimage","url":"https:\/\/www.dimann.com\/wp-content\/uploads\/2019\/05\/20-1.png","contentUrl":"https:\/\/www.dimann.com\/wp-content\/uploads\/2019\/05\/20-1.png","width":384,"height":384,"caption":"Testimonianza di Elvira, che soffre di cistite con stipsi"},{"@type":"BreadcrumbList","@id":"https:\/\/www.dimann.com\/sv\/persona\/elvira-recension-dimann\/#breadcrumb","itemListElement":[{"@type":"ListItem","position":1,"name":"Storie","item":"https:\/\/www.dimann.com\/sv\/persona\/"},{"@type":"ListItem","position":2,"name":"Alla ber\u00e4ttelser","item":"https:\/\/www.dimann.com\/sv\/alla-berattelser\/"},{"@type":"ListItem","position":3,"name":"Elvira"}]},{"@type":"WebSite","@id":"https:\/\/www.dimann.com\/sv\/#website","url":"https:\/\/www.dimann.com\/sv\/","name":"Dimann","description":"","publisher":{"@id":"https:\/\/www.dimann.com\/sv\/#organization"},"potentialAction":[{"@type":"SearchAction","target":{"@type":"EntryPoint","urlTemplate":"https:\/\/www.dimann.com\/sv\/?s={search_term_string}"},"query-input":{"@type":"PropertyValueSpecification","valueRequired":true,"valueName":"search_term_string"}}],"inLanguage":"sv-SE"},{"@type":"Organization","@id":"https:\/\/www.dimann.com\/sv\/#organization","name":"Dimann","url":"https:\/\/www.dimann.com\/sv\/","logo":{"@type":"ImageObject","inLanguage":"sv-SE","@id":"https:\/\/www.dimann.com\/sv\/#\/schema\/logo\/image\/","url":"https:\/\/www.dimann.com\/wp-content\/uploads\/2019\/07\/logo.svg","contentUrl":"https:\/\/www.dimann.com\/wp-content\/uploads\/2019\/07\/logo.svg","width":1,"height":1,"caption":"Dimann"},"image":{"@id":"https:\/\/www.dimann.com\/sv\/#\/schema\/logo\/image\/"},"sameAs":["https:\/\/www.facebook.com\/pg\/Dimann.cistite\/posts\/","https:\/\/www.instagram.com\/dimann_official\/"]}]}},"_links":{"self":[{"href":"https:\/\/www.dimann.com\/sv\/wp-json\/wp\/v2\/persona\/51208","targetHints":{"allow":["GET"]}}],"collection":[{"href":"https:\/\/www.dimann.com\/sv\/wp-json\/wp\/v2\/persona"}],"about":[{"href":"https:\/\/www.dimann.com\/sv\/wp-json\/wp\/v2\/types\/persona"}],"wp:featuredmedia":[{"embeddable":true,"href":"https:\/\/www.dimann.com\/sv\/wp-json\/wp\/v2\/media\/51212"}],"wp:attachment":[{"href":"https:\/\/www.dimann.com\/sv\/wp-json\/wp\/v2\/media?parent=51208"}],"wp:term":[{"taxonomy":"category","embeddable":true,"href":"https:\/\/www.dimann.com\/sv\/wp-json\/wp\/v2\/categories?post=51208"},{"taxonomy":"storia","embeddable":true,"href":"https:\/\/www.dimann.com\/sv\/wp-json\/wp\/v2\/storia?post=51208"}],"curies":[{"name":"wp","href":"https:\/\/api.w.org\/{rel}","templated":true}]}}